{"id":57357,"date":"2026-06-08T11:13:27","date_gmt":"2026-06-08T09:13:27","guid":{"rendered":"https:\/\/miannaproperties.com\/property\/villa-in-elviria-renovierte-luxusvilla-mit-gaesteapartments\/"},"modified":"2026-06-08T11:13:27","modified_gmt":"2026-06-08T09:13:27","slug":"villa-in-elviria-renovierte-luxusvilla-mit-gaesteapartments","status":"publish","type":"property","link":"https:\/\/miannaproperties.com\/de\/property\/villa-in-elviria-renovierte-luxusvilla-mit-gaesteapartments\/","title":{"rendered":"Villa in Elviria \u2013 Renovierte Luxusvilla mit G\u00e4steapartments"},"content":{"rendered":"<div class=\"qMYqUG_convSearchResultHighlightRoot\">\n<div class=\"\" data-turn-id-container=\"request-69b91296-86e4-8328-a6b5-730c72ff9221-9\" data-is-intersecting=\"true\">\n<section class=\"text-token-text-primary w-full focus:outline-none has-data-writing-block:pointer-events-none [&amp;:has([data-writing-block])&gt;*]:pointer-events-auto R6Vx5W_threadScrollVars scroll-mb-[calc(var(--scroll-root-safe-area-inset-bottom,0px)+var(--thread-response-height))] scroll-mt-[calc(var(--header-height)+min(200px,max(70px,20svh)))]\" dir=\"auto\" data-turn-id=\"request-69b91296-86e4-8328-a6b5-730c72ff9221-9\" data-turn-id-container=\"request-69b91296-86e4-8328-a6b5-730c72ff9221-9\" data-testid=\"conversation-turn-328\" data-scroll-anchor=\"false\" data-turn=\"assistant\">\n<div class=\"text-base my-auto mx-auto pb-10 [--thread-content-margin:var(--thread-content-margin-xs,calc(var(--spacing)*4))] @w-sm\/main:[--thread-content-margin:var(--thread-content-margin-sm,calc(var(--spacing)*6))] @w-lg\/main:[--thread-content-margin:var(--thread-content-margin-lg,calc(var(--spacing)*16))] px-(--thread-content-margin)\">\n<div class=\"[--thread-content-max-width:40rem] @w-lg\/main:[--thread-content-max-width:48rem] mx-auto max-w-(--thread-content-max-width) flex-1 group\/turn-messages focus-visible:outline-hidden relative flex w-full min-w-0 flex-col agent-turn\" data-conversation-screenshot-content=\"\">\n<div class=\"flex max-w-full flex-col gap-4 grow\">\n<div class=\"min-h-8 text-message relative flex w-full flex-col items-end gap-2 text-start break-words whitespace-normal outline-none keyboard-focused:focus-ring [.text-message+&amp;]:mt-1\" dir=\"auto\" tabindex=\"0\" data-message-author-role=\"assistant\" data-message-id=\"138656b3-dc4c-4b7b-a80f-9e3cb0e589aa\" data-turn-start-message=\"true\" data-message-model-slug=\"gpt-5-5\">\n<div class=\"flex w-full flex-col gap-1 empty:hidden\">\n<div class=\"markdown prose dark:prose-invert wrap-break-word w-full light markdown-new-styling\">\n<h1 data-start=\"3164\" data-end=\"3226\">Villa in Elviria \u2013 Renovierte Luxusvilla mit G\u00e4steapartments<\/h1>\n<h2 data-start=\"3230\" data-end=\"3274\">Zeitgen\u00f6ssische Villa in Elviria, Marbella<\/h2>\n<p data-start=\"3278\" data-end=\"3585\">Entdecken Sie diese au\u00dfergew\u00f6hnliche Villa in Elviria, vollst\u00e4ndig renoviert und in einer der prestigetr\u00e4chtigsten Wohngegenden von Marbella Ost gelegen. Die Immobilie vereint moderne Architektur, Privatsph\u00e4re und Vielseitigkeit und stellt eine hervorragende Gelegenheit im spanischen Immobilienmarkt dar.<\/p>\n<p data-start=\"3589\" data-end=\"3752\">Auf einem 1.084 m\u00b2 gro\u00dfen S\u00fcdgrundst\u00fcck gelegen, bietet die Villa viel Tageslicht, gro\u00dfz\u00fcgige Innenr\u00e4ume und die N\u00e4he zu einigen der sch\u00f6nsten Str\u00e4nde Marbellas.<\/p>\n<h3 data-start=\"3756\" data-end=\"3925\">Hauptwohnsitz auf einer Ebene<\/h3>\n<p data-start=\"3756\" data-end=\"3925\">Ein besonders begehrtes Merkmal dieser Villa in Elviria ist die komfortable Verteilung des Hauptwohnbereichs auf einer einzigen Ebene.<\/p>\n<p data-start=\"3929\" data-end=\"3974\">Die Immobilie bietet 241 m\u00b2 Wohnfl\u00e4che mit:<\/p>\n<ul>\n<li data-start=\"3978\" data-end=\"4125\">3 gro\u00dfz\u00fcgigen Schlafzimmern mit Bad en Suite<\/li>\n<li data-start=\"3978\" data-end=\"4125\">G\u00e4ste-WC<\/li>\n<li data-start=\"3978\" data-end=\"4125\">Offenem Wohn- und Essbereich<\/li>\n<li data-start=\"3978\" data-end=\"4125\">Designer-K\u00fcche<\/li>\n<li data-start=\"3978\" data-end=\"4125\">Modernen hochwertigen Ausstattungen<\/li>\n<\/ul>\n<p data-start=\"4129\" data-end=\"4244\">Die offene Raumaufteilung schafft eine helle und einladende Atmosph\u00e4re, ideal f\u00fcr Familienleben und Unterhaltung.<\/p>\n<h3 data-start=\"4248\" data-end=\"4371\">Private Dachterrasse mit Meerblick<\/h3>\n<p data-start=\"4248\" data-end=\"4371\">Die obere Ebene ist vollst\u00e4ndig einer spektakul\u00e4ren privaten Dachterrasse gewidmet.<\/p>\n<p data-start=\"4375\" data-end=\"4414\">Dieser exklusive Au\u00dfenbereich bietet:<\/p>\n<ul>\n<li>Offene Panoramablicke<\/li>\n<li>Fernblick auf das Mittelmeer<\/li>\n<li>Sonnen- und Chill-out-Bereiche<\/li>\n<li>Perfekten Raum f\u00fcr Unterhaltung im Freien<\/li>\n<\/ul>\n<p data-start=\"4556\" data-end=\"4650\">Ein luxuri\u00f6ses Merkmal, das den Wert dieser exklusiven Villa in Spanien zus\u00e4tzlich steigert.<\/p>\n<h3 data-start=\"4654\" data-end=\"4796\">Zwei unabh\u00e4ngige G\u00e4steapartments<\/h3>\n<p data-start=\"4654\" data-end=\"4796\">Ein besonderes Highlight dieser Villa in Elviria sind die zwei vollst\u00e4ndig unabh\u00e4ngigen G\u00e4steapartments.<\/p>\n<p data-start=\"4800\" data-end=\"4831\">Jedes Apartment verf\u00fcgt \u00fcber:<\/p>\n<ul>\n<li data-start=\"4835\" data-end=\"4891\">1 Schlafzimmer<\/li>\n<li data-start=\"4835\" data-end=\"4891\">1 Badezimmer<\/li>\n<li data-start=\"4835\" data-end=\"4891\">Privaten Wohnbereich<\/li>\n<\/ul>\n<p data-start=\"4895\" data-end=\"4907\">Ideal f\u00fcr:<\/p>\n<ul>\n<li data-start=\"4911\" data-end=\"5005\">Familie und Freunde<\/li>\n<li data-start=\"4911\" data-end=\"5005\">Personalunterk\u00fcnfte<\/li>\n<li data-start=\"4911\" data-end=\"5005\">Ferienvermietung<\/li>\n<li data-start=\"4911\" data-end=\"5005\">Langfristige Investitionen<\/li>\n<\/ul>\n<p data-start=\"5009\" data-end=\"5101\">Diese Flexibilit\u00e4t macht die Immobilie besonders attraktiv im Markt f\u00fcr Villen in Spanien.<\/p>\n<h3 data-start=\"5105\" data-end=\"5262\">Private Au\u00dfenbereiche und Top-Lage in Marbella<\/h3>\n<p data-start=\"5105\" data-end=\"5262\">Die gepflegten G\u00e4rten und gro\u00dfz\u00fcgigen Au\u00dfenfl\u00e4chen bieten Privatsph\u00e4re, Ruhe und mediterranen Lebensstil.<\/p>\n<p data-start=\"5266\" data-end=\"5285\">Weitere Merkmale:<\/p>\n<ul>\n<li data-start=\"5289\" data-end=\"5400\">S\u00fcdausrichtung<\/li>\n<li data-start=\"5289\" data-end=\"5400\">Landschaftlich gestaltete G\u00e4rten<\/li>\n<li data-start=\"5289\" data-end=\"5400\">Carport f\u00fcr mehrere Fahrzeuge<\/li>\n<li data-start=\"5289\" data-end=\"5400\">Bezugsfertiger Zustand<\/li>\n<\/ul>\n<p data-start=\"5404\" data-end=\"5474\">Die Villa befindet sich in Elviria, nur wenige Minuten entfernt von:<\/p>\n<ul>\n<li data-start=\"5478\" data-end=\"5609\">Den besten Str\u00e4nden Marbellas<\/li>\n<li data-start=\"5478\" data-end=\"5609\">Internationalen Schulen<\/li>\n<li data-start=\"5478\" data-end=\"5609\">Golfpl\u00e4tzen<\/li>\n<li data-start=\"5478\" data-end=\"5609\">Restaurants und Beachclubs<\/li>\n<li data-start=\"5478\" data-end=\"5609\">Dem Zentrum von Marbella<\/li>\n<\/ul>\n<h2 data-start=\"5613\" data-end=\"5888\"><a href=\"https:\/\/miannaproperties.com\/agents-2\/\">Vereinbaren Sie Ihre Besichtigung<\/a> \u2013 Villa in Elviria<\/h2>\n<p data-start=\"5613\" data-end=\"5888\">Kontaktieren Sie uns f\u00fcr eine private Besichtigung dieser beeindruckenden Villa in Elviria \u2013 eine seltene Gelegenheit, eine moderne Luxusvilla mit G\u00e4steapartments in einer der begehrtesten Lagen Marbellas zu erwerben.<\/p>\n<p data-start=\"5892\" data-end=\"6089\" data-is-only-node=\"\" data-is-last-node=\"\">Soziale Netzwerke:<br data-start=\"5910\" data-end=\"5914\" \/>INSTAGRAM: <a class=\"decorated-link\" href=\"https:\/\/www.instagram.com\/miannaproperties\/\" target=\"_new\" rel=\"noopener\" data-start=\"5925\" data-end=\"5968\">https:\/\/www.instagram.com\/miannaproperties\/<\/a><br data-start=\"5968\" data-end=\"5972\" \/>FACEBOOK: <a class=\"decorated-link\" href=\"https:\/\/www.facebook.com\/miannaproperties\/\" target=\"_new\" rel=\"noopener\" data-start=\"5982\" data-end=\"6024\">https:\/\/www.facebook.com\/miannaproperties\/<\/a><br data-start=\"6024\" data-end=\"6028\" \/>LINKEDIN: <a class=\"decorated-link\" href=\"https:\/\/www.linkedin.com\/company\/mianna-properties\/\" target=\"_new\" rel=\"noopener\" data-start=\"6038\" data-end=\"6089\" data-is-last-node=\"\">https:\/\/www.linkedin.com\/company\/mianna-properties\/<\/a><\/p>\n<\/div>\n<\/div>\n<\/div>\n<\/div>\n<\/div>\n<\/div>\n<\/section>\n<\/div>\n<\/div>\n","protected":false},"excerpt":{"rendered":"<p>Villa in Elviria \u2013 Renovierte Luxusvilla mit G\u00e4steapartments Zeitgen\u00f6ssische Villa in Elviria, Marbella Entdecken Sie diese au\u00dfergew\u00f6hnliche Villa in Elviria, vollst\u00e4ndig renoviert und in einer der prestigetr\u00e4chtigsten Wohngegenden von Marbella Ost gelegen. Die Immobilie vereint moderne Architektur, Privatsph\u00e4re und Vielseitigkeit und stellt eine hervorragende Gelegenheit im spanischen Immobilienmarkt dar. Auf einem 1.084 m\u00b2 gro\u00dfen S\u00fcdgrundst\u00fcck [&hellip;]<\/p>\n","protected":false},"author":23,"featured_media":57342,"parent":0,"menu_order":0,"template":"","property_type":[475],"property_status":[375],"property_feature":[434,433,471,466,540,453,458,445,481,440],"property_label":[],"property_country":[444],"property_state":[],"property_city":[442],"property_area":[464],"class_list":["post-57357","property","type-property","status-publish","has-post-thumbnail","hentry","property_type-villa","property_status-zum-verkauf","property_feature-ausenbereich","property_feature-bbq","property_feature-garage-3","property_feature-garten-2","property_feature-guest-apartment","property_feature-meerblick-2","property_feature-schwimmbad-2","property_feature-solarium","property_feature-sudausrichtung","property_feature-terasse","property_country-spanien-2","property_city-marbella","property_area-elviria"],"property_meta":{"rank_math_internal_links_processed":["1"],"_alp_processed":["1780910008"],"_last_translation_edit_mode":["translation-editor"],"_wpml_media_duplicate":["1"],"_wpml_media_featured":["1"],"fave_featured":["0"],"houzez_featured_listing_date":[""],"fave_property_images":["57341","57335","57353","57329","57317","57350","57344","57332","57338","57326","57323","57311","57314","57347","57320"],"fave_single_top_area":["global"],"_top_nav_excluded":[""],"_cms_nav_minihome":[""],"fave_property_price":["2200000"],"fave_property_size":["241"],"fave_property_size_prefix":["m\u00b2"],"fave_property_bedrooms":["3"],"fave_property_bathrooms":["4"],"fave_property_id":["MPS-0041"],"fave_property_map":["1"],"fave_property_map_street_view":["hide"],"fave_agent_display_option":["agent_info"],"fave_agents":["156"],"fave_prop_homeslider":["no"],"rank_math_title":["Villa in Elviria \u2013 Exklusive Luxusvilla zum Verkauf in Marbella"],"rank_math_description":["Moderne Villa in Elviria mit G\u00e4steapartments, Dachterrasse und Meerblick in Marbella. Exklusive Gelegenheit im Markt f\u00fcr Luxusvillen zum Verkauf in Spanien nahe dem Strand."],"rank_math_focus_keyword":["Villa in Elviria"],"fave_property_land":["1084"],"fave_property_land_postfix":["m\u00b2"],"fave_property_location":["25.68654,-80.431345,15"],"houzez_geolocation_lat":["25.68654"],"houzez_geolocation_long":["-80.431345"],"additional_features":["a:2:{i:0;a:2:{s:29:\"fave_additional_feature_title\";s:10:\"Schwimmbad\";s:29:\"fave_additional_feature_value\";s:6:\"Privat\";}i:1;a:2:{s:29:\"fave_additional_feature_title\";s:8:\"Terrasse\";s:29:\"fave_additional_feature_value\";s:6:\"Privat\";}}"],"_thumbnail_id":["57342"],"_wpml_word_count":["502"],"houzez_total_property_views":["763"],"houzez_views_by_date":["a:61:{s:10:\"07-03-2026\";i:10;s:10:\"07-04-2026\";i:8;s:10:\"07-05-2026\";i:8;s:10:\"07-06-2026\";i:10;s:10:\"07-07-2026\";i:8;s:10:\"07-08-2026\";i:8;s:10:\"07-09-2026\";i:10;s:10:\"07-10-2026\";i:10;s:10:\"07-11-2026\";i:10;s:10:\"07-12-2026\";i:8;s:10:\"07-13-2026\";i:9;s:10:\"07-14-2026\";i:7;s:10:\"07-15-2026\";i:10;s:10:\"07-16-2026\";i:10;s:10:\"07-17-2026\";i:8;s:10:\"07-18-2026\";i:8;s:10:\"07-19-2026\";i:10;s:10:\"07-20-2026\";i:12;s:10:\"07-21-2026\";i:3;s:10:\"07-22-2026\";i:10;s:10:\"07-23-2026\";i:9;s:10:\"07-24-2026\";i:10;s:10:\"07-25-2026\";i:10;s:10:\"07-26-2026\";i:10;s:10:\"07-27-2026\";i:9;s:10:\"07-28-2026\";i:15;s:10:\"07-29-2026\";i:10;s:10:\"07-30-2026\";i:8;s:10:\"07-31-2026\";i:10;s:10:\"08-01-2026\";i:8;s:10:\"08-02-2026\";i:10;s:10:\"08-03-2026\";i:19;s:10:\"08-04-2026\";i:8;s:10:\"08-05-2026\";i:9;s:10:\"08-06-2026\";i:8;s:10:\"08-07-2026\";i:8;s:10:\"08-08-2026\";i:10;s:10:\"08-09-2026\";i:8;s:10:\"08-10-2026\";i:8;s:10:\"08-11-2026\";i:10;s:10:\"08-12-2026\";i:8;s:10:\"08-13-2026\";i:8;s:10:\"08-14-2026\";i:8;s:10:\"08-15-2026\";i:8;s:10:\"08-16-2026\";i:6;s:10:\"08-17-2026\";i:8;s:10:\"08-18-2026\";i:6;s:10:\"08-19-2026\";i:6;s:10:\"08-20-2026\";i:8;s:10:\"08-21-2026\";i:8;s:10:\"08-22-2026\";i:8;s:10:\"08-23-2026\";i:8;s:10:\"08-24-2026\";i:8;s:10:\"08-25-2026\";i:10;s:10:\"08-26-2026\";i:10;s:10:\"08-27-2026\";i:8;s:10:\"08-28-2026\";i:10;s:10:\"08-29-2026\";i:8;s:10:\"08-30-2026\";i:8;s:10:\"08-31-2026\";i:10;s:10:\"09-01-2026\";i:6;}"],"houzez_recently_viewed":["2026-09-01 14:59:04"]},"_links":{"self":[{"href":"https:\/\/miannaproperties.com\/de\/wp-json\/wp\/v2\/Eigenschaften\/57357","targetHints":{"allow":["GET"]}}],"collection":[{"href":"https:\/\/miannaproperties.com\/de\/wp-json\/wp\/v2\/Eigenschaften"}],"about":[{"href":"https:\/\/miannaproperties.com\/de\/wp-json\/wp\/v2\/types\/property"}],"author":[{"embeddable":true,"href":"https:\/\/miannaproperties.com\/de\/wp-json\/wp\/v2\/users\/23"}],"version-history":[{"count":0,"href":"https:\/\/miannaproperties.com\/de\/wp-json\/wp\/v2\/Eigenschaften\/57357\/revisions"}],"wp:featuredmedia":[{"embeddable":true,"href":"https:\/\/miannaproperties.com\/de\/wp-json\/wp\/v2\/media\/57342"}],"wp:attachment":[{"href":"https:\/\/miannaproperties.com\/de\/wp-json\/wp\/v2\/media?parent=57357"}],"wp:term":[{"taxonomy":"property_type","embeddable":true,"href":"https:\/\/miannaproperties.com\/de\/wp-json\/wp\/v2\/property_type?post=57357"},{"taxonomy":"property_status","embeddable":true,"href":"https:\/\/miannaproperties.com\/de\/wp-json\/wp\/v2\/property_status?post=57357"},{"taxonomy":"property_feature","embeddable":true,"href":"https:\/\/miannaproperties.com\/de\/wp-json\/wp\/v2\/property_feature?post=57357"},{"taxonomy":"property_label","embeddable":true,"href":"https:\/\/miannaproperties.com\/de\/wp-json\/wp\/v2\/property_label?post=57357"},{"taxonomy":"property_country","embeddable":true,"href":"https:\/\/miannaproperties.com\/de\/wp-json\/wp\/v2\/property_country?post=57357"},{"taxonomy":"property_state","embeddable":true,"href":"https:\/\/miannaproperties.com\/de\/wp-json\/wp\/v2\/property_state?post=57357"},{"taxonomy":"property_city","embeddable":true,"href":"https:\/\/miannaproperties.com\/de\/wp-json\/wp\/v2\/property_city?post=57357"},{"taxonomy":"property_area","embeddable":true,"href":"https:\/\/miannaproperties.com\/de\/wp-json\/wp\/v2\/property_area?post=57357"}],"curies":[{"name":"wp","href":"https:\/\/api.w.org\/{rel}","templated":true}]}}